{"id":70,"date":"2018-05-07T19:52:30","date_gmt":"2018-05-07T17:52:30","guid":{"rendered":"http:\/\/cpsparissc.cluster020.hosting.ovh.net\/?page_id=70"},"modified":"2026-02-12T13:19:29","modified_gmt":"2026-02-12T12:19:29","slug":"ateliers","status":"publish","type":"page","link":"https:\/\/cpsparis.fr\/index.php\/ateliers\/","title":{"rendered":"Ateliers"},"content":{"rendered":"\n<p class=\"has-text-align-center\">L&rsquo;atelier est un espace-temps partag\u00e9 en groupe, facilitant l&rsquo;\u00e9change et la communication autour du mat\u00e9riau artistique.<\/p>\n\n\n\n<p class=\"has-text-align-center\">Le travail en atelier est centr\u00e9 sur l&rsquo;av\u00e8nement de l&rsquo;expression \u00e9motionnelle et psychique par les moyens des m\u00e9diations artistiques.<\/p>\n\n\n\n<p class=\"has-text-align-center\">Ce travail &#8211; en m\u00eame temps jeu et plaisir -, en lien avec l&rsquo;\u00e9quipe th\u00e9rapeutique du centre, appartient avant tout \u00e0 la personne elle-m\u00eame, invit\u00e9e \u00e0 y trouver une source d&rsquo;\u00e9nergie et de mieux \u00eatre, dans le plus grand respect de son autonomie et de sa libert\u00e9 d&rsquo;expression et de cr\u00e9ation.<\/p>\n\n\n\n<p>Une s\u00e9ance par semaine&#8230;<\/p>\n\n\n\n<p>PROGRAMME DU PROCHAIN ATELIER D\u2019ART TH\u00c9RAPIE\u00a0<br><br>F\u00c9VRIER\u00a0<br>3 f\u00e9vrier\u00a0: atelier chant<br>10 f\u00e9vrier\u00a0: atelier m\u00e9diation mixte : \u00ab\u00a0Cr\u00e9er son masque et chanter\u00a0!\u00a0\u00bb<br>24 f\u00e9vrier : atelier d\u2019art plastique<br><br>MARS<br>10 mars : atelier m\u00e9diation mixte\u00a0: \u00ab\u00a0Pr\u00e9parer le printemps\u00a0\u00bb<br>17 mars : atelier chant<br>24 mars : atelier d\u2019art plastique<\/p>\n\n\n<div class=\"wp-block-image\">\n<figure class=\"aligncenter\"><img loading=\"lazy\" decoding=\"async\" width=\"254\" height=\"300\" src=\"https:\/\/cpsparis.fr\/wp-content\/uploads\/2026\/02\/Atelier-fev-mars-254x300.png\" alt=\"\" class=\"wp-image-527\" srcset=\"https:\/\/cpsparis.fr\/wp-content\/uploads\/2026\/02\/Atelier-fev-mars-254x300.png 254w, https:\/\/cpsparis.fr\/wp-content\/uploads\/2026\/02\/Atelier-fev-mars.png 671w\" sizes=\"auto, (max-width: 254px) 100vw, 254px\" \/><\/figure>\n<\/div>\n\n\n<p>&nbsp;<\/p>\n\n\n\n<p><\/p>\n","protected":false},"excerpt":{"rendered":"<p>L&rsquo;atelier est un espace-temps partag\u00e9 en groupe, facilitant l&rsquo;\u00e9change et la communication autour du mat\u00e9riau artistique. Le travail en atelier est centr\u00e9 sur l&rsquo;av\u00e8nement de l&rsquo;expression \u00e9motionnelle et psychique par les moyens des m\u00e9diations artistiques. Ce travail &#8211; en m\u00eame temps jeu et plaisir -, en lien avec l&rsquo;\u00e9quipe th\u00e9rapeutique du centre, appartient avant tout &hellip; <\/p>\n<p class=\"link-more\"><a href=\"https:\/\/cpsparis.fr\/index.php\/ateliers\/\" class=\"more-link\">Continuer la lecture<span class=\"screen-reader-text\"> de &laquo;&nbsp;Ateliers&nbsp;&raquo;<\/span><\/a><\/p>\n","protected":false},"author":1,"featured_media":71,"parent":0,"menu_order":0,"comment_status":"closed","ping_status":"closed","template":"","meta":{"footnotes":""},"class_list":["post-70","page","type-page","status-publish","has-post-thumbnail","hentry"],"_links":{"self":[{"href":"https:\/\/cpsparis.fr\/index.php\/wp-json\/wp\/v2\/pages\/70","targetHints":{"allow":["GET"]}}],"collection":[{"href":"https:\/\/cpsparis.fr\/index.php\/wp-json\/wp\/v2\/pages"}],"about":[{"href":"https:\/\/cpsparis.fr\/index.php\/wp-json\/wp\/v2\/types\/page"}],"author":[{"embeddable":true,"href":"https:\/\/cpsparis.fr\/index.php\/wp-json\/wp\/v2\/users\/1"}],"replies":[{"embeddable":true,"href":"https:\/\/cpsparis.fr\/index.php\/wp-json\/wp\/v2\/comments?post=70"}],"version-history":[{"count":59,"href":"https:\/\/cpsparis.fr\/index.php\/wp-json\/wp\/v2\/pages\/70\/revisions"}],"predecessor-version":[{"id":555,"href":"https:\/\/cpsparis.fr\/index.php\/wp-json\/wp\/v2\/pages\/70\/revisions\/555"}],"wp:featuredmedia":[{"embeddable":true,"href":"https:\/\/cpsparis.fr\/index.php\/wp-json\/wp\/v2\/media\/71"}],"wp:attachment":[{"href":"https:\/\/cpsparis.fr\/index.php\/wp-json\/wp\/v2\/media?parent=70"}],"curies":[{"name":"wp","href":"https:\/\/api.w.org\/{rel}","templated":true}]}}